{"id":8332,"date":"2023-03-06T15:05:15","date_gmt":"2023-03-06T14:05:15","guid":{"rendered":"https:\/\/hotel-falken.com\/?page_id=8332"},"modified":"2023-03-22T14:31:12","modified_gmt":"2023-03-22T13:31:12","slug":"escursioni-in-val-pusteria","status":"publish","type":"page","link":"https:\/\/hotel-falken.com\/it\/escursioni-in-val-pusteria\/","title":{"rendered":"Escursioni in Val Pusteria"},"content":{"rendered":"\t\t<div data-elementor-type=\"wp-page\" data-elementor-id=\"8332\" class=\"elementor elementor-8332 elementor-8330\" data-elementor-post-type=\"page\">\n\t\t\t\t\t\t<section class=\"elementor-section elementor-top-section elementor-element elementor-element-89d494d elementor-section-full_width qodef-elementor-content-grid elementor-section-height-default elementor-section-height-default\" data-id=\"89d494d\" data-element_type=\"section\">\n\t\t\t\t\t\t<div class=\"elementor-container elementor-column-gap-no\">\n\t\t\t\t\t<div class=\"elementor-column elementor-col-33 elementor-top-column elementor-element elementor-element-8b609be\" data-id=\"8b609be\" data-element_type=\"column\">\n\t\t\t<div class=\"elementor-widget-wrap elementor-element-populated\">\n\t\t\t\t\t\t<div class=\"elementor-element elementor-element-fd35d10 elementor-widget elementor-widget-heading\" data-id=\"fd35d10\" data-element_type=\"widget\" data-widget_type=\"heading.default\">\n\t\t\t\t<div class=\"elementor-widget-container\">\n\t\t\t\t\t<h3 class=\"elementor-heading-title elementor-size-default\">Escursioni nella \"Valle verde\" - Val Pusteria<\/h3>\t\t\t\t<\/div>\n\t\t\t\t<\/div>\n\t\t\t\t\t<\/div>\n\t\t<\/div>\n\t\t\t\t<div class=\"elementor-column elementor-col-66 elementor-top-column elementor-element elementor-element-f0df83e\" data-id=\"f0df83e\" data-element_type=\"column\">\n\t\t\t<div class=\"elementor-widget-wrap elementor-element-populated\">\n\t\t\t\t\t\t<div class=\"elementor-element elementor-element-8921bc5 elementor-widget elementor-widget-wp-widget-alloggio_core_custom_font\" data-id=\"8921bc5\" data-element_type=\"widget\" data-widget_type=\"wp-widget-alloggio_core_custom_font.default\">\n\t\t\t\t<div class=\"elementor-widget-container\">\n\t\t\t\t\t<p class=\"qodef-shortcode qodef-m  qodef-custom-font qodef-custom-font-1 qodef-layout--simple\" style=\"font-size: 21px;line-height: 34px\">a valle, sulle malghe e in alta montagna<\/p>\t\t\t\t<\/div>\n\t\t\t\t<\/div>\n\t\t\t\t<div class=\"elementor-element elementor-element-687afa9 elementor-widget elementor-widget-text-editor\" data-id=\"687afa9\" data-element_type=\"widget\" data-widget_type=\"text-editor.default\">\n\t\t\t\t<div class=\"elementor-widget-container\">\n\t\t\t\t\t\t\t\t\t<p>Per ognuno c&#8217;\u00e9 qualcosa &#8211; i nostri consigli preferiti<\/p>\t\t\t\t\t\t\t\t<\/div>\n\t\t\t\t<\/div>\n\t\t\t\t\t<\/div>\n\t\t<\/div>\n\t\t\t\t\t<\/div>\n\t\t<\/section>\n\t\t\t\t<section class=\"elementor-section elementor-top-section elementor-element elementor-element-a9bcd75 elementor-section-full_width qodef-elementor-content-grid elementor-section-height-default elementor-section-height-default\" data-id=\"a9bcd75\" data-element_type=\"section\">\n\t\t\t\t\t\t<div class=\"elementor-container elementor-column-gap-no\">\n\t\t\t\t\t<div class=\"elementor-column elementor-col-33 elementor-top-column elementor-element elementor-element-2fd5d8f\" data-id=\"2fd5d8f\" data-element_type=\"column\">\n\t\t\t<div class=\"elementor-widget-wrap elementor-element-populated\">\n\t\t\t\t\t\t<div class=\"elementor-element elementor-element-d735bb5 elementor-widget elementor-widget-alloggio_core_image_with_text\" data-id=\"d735bb5\" data-element_type=\"widget\" data-widget_type=\"alloggio_core_image_with_text.default\">\n\t\t\t\t<div class=\"elementor-widget-container\">\n\t\t\t\t\t<div class=\"qodef-shortcode qodef-m  qodef-image-with-text qodef-layout--text-below qodef--has-shadow \">\n\t<div class=\"qodef-m-image\">\n\t\t\t\t\t\t\t\t\t<img fetchpriority=\"high\" decoding=\"async\" width=\"2560\" height=\"1920\" src=\"https:\/\/hotel-falken.com\/wp-content\/uploads\/2023\/03\/IMG_1754-scaled.jpg\" class=\"qodef-e-main-image\" alt=\"\" srcset=\"https:\/\/hotel-falken.com\/wp-content\/uploads\/2023\/03\/IMG_1754-scaled.jpg 2560w, https:\/\/hotel-falken.com\/wp-content\/uploads\/2023\/03\/IMG_1754-300x225.jpg 300w, https:\/\/hotel-falken.com\/wp-content\/uploads\/2023\/03\/IMG_1754-1024x768.jpg 1024w, https:\/\/hotel-falken.com\/wp-content\/uploads\/2023\/03\/IMG_1754-768x576.jpg 768w, https:\/\/hotel-falken.com\/wp-content\/uploads\/2023\/03\/IMG_1754-1536x1152.jpg 1536w, https:\/\/hotel-falken.com\/wp-content\/uploads\/2023\/03\/IMG_1754-2048x1536.jpg 2048w, https:\/\/hotel-falken.com\/wp-content\/uploads\/2023\/03\/IMG_1754-1320x990.jpg 1320w\" sizes=\"(max-width: 2560px) 100vw, 2560px\" \/>\t\t\t\t\t\t\t\t\t<\/div>\t<div class=\"qodef-m-content\">\n\t\t\t<h4 class=\"qodef-m-title\" style=\"margin-top: 20px\">\n\t\t\t\t\tAl rifugio lago di Pausa\t\t\t<\/h4>\n\t\t\t<p class=\"qodef-m-text\" >Dal parcheggio nella Winnebachtal presso Terento si segue il sentiero n\u00b0 23 o le indicazioni per la malga Astnerbergalm e poi per la Tiefrastenh\u00fctte. Dopo circa un&#039;ora si raggiunge l&#039;incantevole Astnerberg-Alm. Il sentiero continua a seguire il Winnebach per quasi tutto il percorso, che viene anche attraversato alcune volte. Il sentiero diventa pi\u00f9 in salita attraverso il bosco e presto raggiungiamo il limite della vegetazione arborea, mentre il sentiero diventa pi\u00f9 ripido. Incontriamo di nuovo il Winnebach poco prima di raggiungere il piccolo Tiefrastenh\u00fcttl, un piccolo vecchio rifugio.\n\nDopo il rifugio il sentiero n\u00b0 23 prosegue in salita fino alla Tiefrastenh\u00fctte.<\/p>\n\t<\/div>\n<\/div>\t\t\t\t<\/div>\n\t\t\t\t<\/div>\n\t\t\t\t\t<\/div>\n\t\t<\/div>\n\t\t\t\t<div class=\"elementor-column elementor-col-33 elementor-top-column elementor-element elementor-element-7bb917f\" data-id=\"7bb917f\" data-element_type=\"column\">\n\t\t\t<div class=\"elementor-widget-wrap elementor-element-populated\">\n\t\t\t\t\t\t<div class=\"elementor-element elementor-element-e82621a elementor-widget elementor-widget-alloggio_core_image_with_text\" data-id=\"e82621a\" data-element_type=\"widget\" data-widget_type=\"alloggio_core_image_with_text.default\">\n\t\t\t\t<div class=\"elementor-widget-container\">\n\t\t\t\t\t<div class=\"qodef-shortcode qodef-m  qodef-image-with-text qodef-layout--text-below qodef--has-shadow \">\n\t<div class=\"qodef-m-image\">\n\t\t\t\t\t\t\t\t\t<img decoding=\"async\" width=\"800\" height=\"600\" src=\"https:\/\/hotel-falken.com\/wp-content\/uploads\/2023\/03\/D_8903-neves-stausee.jpg\" class=\"qodef-e-main-image\" alt=\"\" srcset=\"https:\/\/hotel-falken.com\/wp-content\/uploads\/2023\/03\/D_8903-neves-stausee.jpg 800w, https:\/\/hotel-falken.com\/wp-content\/uploads\/2023\/03\/D_8903-neves-stausee-300x225.jpg 300w, https:\/\/hotel-falken.com\/wp-content\/uploads\/2023\/03\/D_8903-neves-stausee-768x576.jpg 768w\" sizes=\"(max-width: 800px) 100vw, 800px\" \/>\t\t\t\t\t\t\t\t\t<\/div>\t<div class=\"qodef-m-content\">\n\t\t\t<h4 class=\"qodef-m-title\" style=\"margin-top: 20px\">\n\t\t\t\t\tAlla diga di Neves a Lappago\t\t\t<\/h4>\n\t\t\t<p class=\"qodef-m-text\" >Il Lago di Neves nelle Valli di Tures e Aurina \u00e8 un punto di partenza ideale per una bella escursione in alta quota sul Neveser H\u00f6henweg o al rifugio Eisbruggsee\nIl lago artificiale di Neves si trova nella Valle dei Molini, una valle laterale delle Valli di Tures e Aurina nel comune di Lappago, motivo per cui \u00e8 noto anche come Lappacher Stausee. Il lago \u00e8 raggiungibile solo tramite una strada a pedaggio in estate. L&#039;imponente diga ad arco \u00e8 calpestabile nei mesi estivi. Dietro il lago si possono vedere le possenti Alpi della Zillertal come l&#039;Hohe Wei\u00dfzint (3.371 m slm), il Gro\u00dfe M\u00f6seler (3.480 m slm) e il Turnerkamp.\n\nUn punto culminante escursionistico \u00e8 il Neveser H\u00f6henweg, che corre sopra il lago artificiale di Neves e promette una vista meravigliosa sulle montagne circostanti. Un&#039;altra destinazione con un lago artificiale come punto di partenza \u00e8 la Edelrauth\u00fctte (Eisbruggjochh\u00fctte), situata in una depressione tra la valle di Fundres e la valle di Lappago. Il rifugio a 2.545 m s.l.m. \u00e8 raggiungibile dall&#039;invaso in 2,5 ore. L&#039;itinerario circolare non \u00e8 impegnativo, senza grandi dislivelli, si pu\u00f2 fare anche con i bambini ed \u00e8 adatto ai passeggini.<\/p>\n\t<\/div>\n<\/div>\t\t\t\t<\/div>\n\t\t\t\t<\/div>\n\t\t\t\t\t<\/div>\n\t\t<\/div>\n\t\t\t\t<div class=\"elementor-column elementor-col-33 elementor-top-column elementor-element elementor-element-686c4c7\" data-id=\"686c4c7\" data-element_type=\"column\">\n\t\t\t<div class=\"elementor-widget-wrap elementor-element-populated\">\n\t\t\t\t\t\t<div class=\"elementor-element elementor-element-6330fff elementor-widget elementor-widget-alloggio_core_image_with_text\" data-id=\"6330fff\" data-element_type=\"widget\" data-widget_type=\"alloggio_core_image_with_text.default\">\n\t\t\t\t<div class=\"elementor-widget-container\">\n\t\t\t\t\t<div class=\"qodef-shortcode qodef-m  qodef-image-with-text qodef-layout--text-below qodef--has-shadow \">\n\t<div class=\"qodef-m-image\">\n\t\t\t\t\t\t\t\t\t<img decoding=\"async\" width=\"800\" height=\"600\" src=\"https:\/\/hotel-falken.com\/wp-content\/uploads\/2023\/03\/D-0225-goenneralm-percha.jpg\" class=\"qodef-e-main-image\" alt=\"\" srcset=\"https:\/\/hotel-falken.com\/wp-content\/uploads\/2023\/03\/D-0225-goenneralm-percha.jpg 800w, https:\/\/hotel-falken.com\/wp-content\/uploads\/2023\/03\/D-0225-goenneralm-percha-300x225.jpg 300w, https:\/\/hotel-falken.com\/wp-content\/uploads\/2023\/03\/D-0225-goenneralm-percha-768x576.jpg 768w\" sizes=\"(max-width: 800px) 100vw, 800px\" \/>\t\t\t\t\t\t\t\t\t<\/div>\t<div class=\"qodef-m-content\">\n\t\t\t<h4 class=\"qodef-m-title\" style=\"margin-top: 20px\">\n\t\t\t\t\tAlla malga G\u00f6nner a Villa di Sopra\t\t\t<\/h4>\n\t\t\t<p class=\"qodef-m-text\" style=\"margin-top: 13px\">Escursione da Villa di Sopra, all&#039;ingresso della Valle Wielental presso Perca, fino alla malga G\u00f6nneralm (1.987 m), nel Parco Naturale Vedrette di Ries.\nCi sono vari modi per raggiungere la G\u00f6nner Alm. Il punto di partenza della prima variante per la malga G\u00f6nneralm \u00e8 il parcheggio alla fine di Villa di sopra presso Perca. Qui si segue il segnavia n\u00b0 6. Il sentiero conduce prima attraverso la valle Wielental prima di raggiungere il primo incrocio dopo circa 15 minuti di cammino, dove si gira a destra e si segue il cartello &quot;G\u00f6nneralm&quot;. Si raggiunge la malga G\u00f6nner Alm tramite il sentiero n\u00b0 6. La salita \u00e8 in alcuni punti un po&#039; ripida, ma comunque fattibile. Tempo di percorrenza circa 1 ora e 15 minuti Per la seconda variante il punto di partenza \u00e8 il parcheggio &quot;Piramidi di terra&quot;, che si trova circa 600 m dopo il primo parcheggio P1 sulla destra. Prima si segue il &quot;sentiero piramidi di terra&quot; - dopo circa 15 minuti si svolta a sinistra sul sentiero n. 16A e seguirlo. Successivamente si incontra il sentiero forestale segnato nr. 6. In seguito si arriva alla G\u00f6nneralm (tempo di percorrenza circa 1,5 ore).<\/p>\n\t<\/div>\n<\/div>\t\t\t\t<\/div>\n\t\t\t\t<\/div>\n\t\t\t\t\t<\/div>\n\t\t<\/div>\n\t\t\t\t\t<\/div>\n\t\t<\/section>\n\t\t\t\t<section class=\"elementor-section elementor-top-section elementor-element elementor-element-a0595bf elementor-section-full_width qodef-elementor-content-grid elementor-section-height-default elementor-section-height-default\" data-id=\"a0595bf\" data-element_type=\"section\">\n\t\t\t\t\t\t<div class=\"elementor-container elementor-column-gap-no\">\n\t\t\t\t\t<div class=\"elementor-column elementor-col-33 elementor-top-column elementor-element elementor-element-1328a0e\" data-id=\"1328a0e\" data-element_type=\"column\">\n\t\t\t<div class=\"elementor-widget-wrap elementor-element-populated\">\n\t\t\t\t\t\t<div class=\"elementor-element elementor-element-588a5c1 elementor-widget elementor-widget-alloggio_core_image_with_text\" data-id=\"588a5c1\" data-element_type=\"widget\" data-widget_type=\"alloggio_core_image_with_text.default\">\n\t\t\t\t<div class=\"elementor-widget-container\">\n\t\t\t\t\t<div class=\"qodef-shortcode qodef-m  qodef-image-with-text qodef-layout--text-below qodef--has-shadow \">\n\t<div class=\"qodef-m-image\">\n\t\t\t\t\t\t\t\t\t<img loading=\"lazy\" decoding=\"async\" width=\"1245\" height=\"755\" src=\"https:\/\/hotel-falken.com\/wp-content\/uploads\/2023\/03\/2021-12-11-02-30_17276242.webp\" class=\"qodef-e-main-image\" alt=\"\" srcset=\"https:\/\/hotel-falken.com\/wp-content\/uploads\/2023\/03\/2021-12-11-02-30_17276242.webp 1245w, https:\/\/hotel-falken.com\/wp-content\/uploads\/2023\/03\/2021-12-11-02-30_17276242-300x182.webp 300w, https:\/\/hotel-falken.com\/wp-content\/uploads\/2023\/03\/2021-12-11-02-30_17276242-1024x621.webp 1024w, https:\/\/hotel-falken.com\/wp-content\/uploads\/2023\/03\/2021-12-11-02-30_17276242-768x466.webp 768w\" sizes=\"(max-width: 1245px) 100vw, 1245px\" \/>\t\t\t\t\t\t\t\t\t<\/div>\t<div class=\"qodef-m-content\">\n\t\t\t<h4 class=\"qodef-m-title\" style=\"margin-top: 20px\">\n\t\t\t\t\tSul monte Sommo a Falzes\t\t\t<\/h4>\n\t\t\t<p class=\"qodef-m-text\" >Boschi di conifere, pendii erbosi, croce di vetta\nLa montagna locale di Falzes \u00e8 una semplice vetta nel mezzo della Val Pusteria. Il punto di partenza \u00e8 il villaggio di montagna di Platten, a 1600 m di altitudine. Dapprima attraversa bellissimi boschi di conifere, poi una cresta erbosa in leggera salita e abbastanza ampia ti porta in vetta.\nIndicazioni da Falzes fino alla frazione di montagna Platten (parcheggio disponibile presso il \u00bbLechnerhof\u00ab, 1586 m). Da l\u00ec il segno. 66A e seguire le indicazioni \u00bbSambock\u00ab. Su sentieri e sentieri forestali per lo pi\u00f9 solo moderatamente in salita fino al limite del bosco, poi attraverso i prati montani in salita fino alla cima piatta &quot;Auf den Platten&quot; (2175 m) e verso nord sul sentiero 66 attraverso il Graskopf fino alla cima del Sambock ( 2396 m; da Platten circa 2:30 ore di discesa come salita.<\/p>\n\t<\/div>\n<\/div>\t\t\t\t<\/div>\n\t\t\t\t<\/div>\n\t\t\t\t\t<\/div>\n\t\t<\/div>\n\t\t\t\t<div class=\"elementor-column elementor-col-33 elementor-top-column elementor-element elementor-element-d2f210d\" data-id=\"d2f210d\" data-element_type=\"column\">\n\t\t\t<div class=\"elementor-widget-wrap elementor-element-populated\">\n\t\t\t\t\t\t<div class=\"elementor-element elementor-element-a924950 elementor-widget elementor-widget-alloggio_core_image_with_text\" data-id=\"a924950\" data-element_type=\"widget\" data-widget_type=\"alloggio_core_image_with_text.default\">\n\t\t\t\t<div class=\"elementor-widget-container\">\n\t\t\t\t\t<div class=\"qodef-shortcode qodef-m  qodef-image-with-text qodef-layout--text-below qodef--has-shadow \">\n\t<div class=\"qodef-m-image\">\n\t\t\t\t\t\t\t\t\t<img loading=\"lazy\" decoding=\"async\" width=\"640\" height=\"480\" src=\"https:\/\/hotel-falken.com\/wp-content\/uploads\/2023\/03\/17304353241_0d974fc718_z.jpg\" class=\"qodef-e-main-image\" alt=\"\" srcset=\"https:\/\/hotel-falken.com\/wp-content\/uploads\/2023\/03\/17304353241_0d974fc718_z.jpg 640w, https:\/\/hotel-falken.com\/wp-content\/uploads\/2023\/03\/17304353241_0d974fc718_z-300x225.jpg 300w\" sizes=\"(max-width: 640px) 100vw, 640px\" \/>\t\t\t\t\t\t\t\t\t<\/div>\t<div class=\"qodef-m-content\">\n\t\t\t<h4 class=\"qodef-m-title\" style=\"margin-top: 20px\">\n\t\t\t\t\tGeige - H\u00fchnerspiel - MontassilloneTesselberg\t\t\t<\/h4>\n\t\t\t<p class=\"qodef-m-text\" >L&#039;escursione inizia nel paese di Tesselberg, frazione del comune di Gais, ovvero a met\u00e0 strada da Perca. Seguire prima il cartello &quot;Tesselberger Alm&quot; n. 7A. Poco prima di raggiungere l&#039;ultima malga si prende il segnavia &quot;Geige&quot; e si svolta a sinistra sul sentiero n\u00b0 8 che sale ripido nel bosco. Dopo circa 1:30 ore si raggiunge il limite della vegetazione arborea e si pu\u00f2 gi\u00e0 vedere la croce di vetta del &quot;Geige&quot;. L&#039;escursione prosegue sull&#039;ampio sentiero n\u00b0 8, con la croce di vetta del &quot;Kor&quot; sempre in vista. Direttamente dietro la croce di vetta, il sentiero n\u00b0 7A conduce in direzione della vetta successiva. Con un leggero saliscendi si raggiunge la rocciosa cresta nord (assicurata con una catena) dello &quot;Sch\u00f6nbichl&quot;. L&#039;ultimo tratto fino alla vetta \u00e8 piuttosto pianeggiante. Per la discesa si prende il sentiero n\u00b0 7 direttamente alla malga Tesselberger Alm. Poi si ritorna al punto di partenza lungo la strada forestale.<\/p>\n\t<\/div>\n<\/div>\t\t\t\t<\/div>\n\t\t\t\t<\/div>\n\t\t\t\t\t<\/div>\n\t\t<\/div>\n\t\t\t\t<div class=\"elementor-column elementor-col-33 elementor-top-column elementor-element elementor-element-45101e6\" data-id=\"45101e6\" data-element_type=\"column\">\n\t\t\t<div class=\"elementor-widget-wrap elementor-element-populated\">\n\t\t\t\t\t\t<div class=\"elementor-element elementor-element-15e6cee elementor-widget elementor-widget-alloggio_core_image_with_text\" data-id=\"15e6cee\" data-element_type=\"widget\" data-widget_type=\"alloggio_core_image_with_text.default\">\n\t\t\t\t<div class=\"elementor-widget-container\">\n\t\t\t\t\t<div class=\"qodef-shortcode qodef-m  qodef-image-with-text qodef-layout--text-below qodef--has-shadow \">\n\t<div class=\"qodef-m-image\">\n\t\t\t\t\t\t\t\t\t<img loading=\"lazy\" decoding=\"async\" width=\"2560\" height=\"1707\" src=\"https:\/\/hotel-falken.com\/wp-content\/uploads\/2023\/03\/smg00130altr-scaled.jpg\" class=\"qodef-e-main-image\" alt=\"\" srcset=\"https:\/\/hotel-falken.com\/wp-content\/uploads\/2023\/03\/smg00130altr-scaled.jpg 2560w, https:\/\/hotel-falken.com\/wp-content\/uploads\/2023\/03\/smg00130altr-300x200.jpg 300w, https:\/\/hotel-falken.com\/wp-content\/uploads\/2023\/03\/smg00130altr-1024x683.jpg 1024w, https:\/\/hotel-falken.com\/wp-content\/uploads\/2023\/03\/smg00130altr-768x512.jpg 768w, https:\/\/hotel-falken.com\/wp-content\/uploads\/2023\/03\/smg00130altr-1536x1024.jpg 1536w, https:\/\/hotel-falken.com\/wp-content\/uploads\/2023\/03\/smg00130altr-2048x1365.jpg 2048w, https:\/\/hotel-falken.com\/wp-content\/uploads\/2023\/03\/smg00130altr-1320x880.jpg 1320w\" sizes=\"(max-width: 2560px) 100vw, 2560px\" \/>\t\t\t\t\t\t\t\t\t<\/div>\t<div class=\"qodef-m-content\">\n\t\t\t<h4 class=\"qodef-m-title\" style=\"margin-top: 20px\">\n\t\t\t\t\tGiro del Putia\t\t\t<\/h4>\n\t\t\t<p class=\"qodef-m-text\" style=\"margin-top: 13px\">GIRO DEL PUTIA (tempo totale 4 ore)\nDal passo delle Erbe il sentiero n\u00b0 8A conduce attraverso bei prati di montagna in direzione della Peitlerscharte. All&#039;incrocio si gira a destra sotto la parete nord del Peitler, poi si segue il sentiero\/sentiero 4 fino alla Peitlerscharte. Al passaggio dalla Scharte si scende a sud attraverso i prati alpini fino al G\u00f6ma-Joch, sul versante nord si sale al Peitlerkofel. Escursione circolare 12,8 km - tempo di perrcorrenza circa 4 ore dislivello 600<\/p>\n\t<\/div>\n<\/div>\t\t\t\t<\/div>\n\t\t\t\t<\/div>\n\t\t\t\t\t<\/div>\n\t\t<\/div>\n\t\t\t\t\t<\/div>\n\t\t<\/section>\n\t\t\t\t<section class=\"elementor-section elementor-top-section elementor-element elementor-element-1531f6e9 elementor-section-full_width elementor-section-height-default elementor-section-height-default qodef-elementor-content-no\" data-id=\"1531f6e9\" data-element_type=\"section\">\n\t\t\t\t\t\t<div class=\"elementor-container elementor-column-gap-no\">\n\t\t\t\t\t<div class=\"elementor-column elementor-col-100 elementor-top-column elementor-element elementor-element-468489ab\" data-id=\"468489ab\" data-element_type=\"column\" data-settings=\"{&quot;background_background&quot;:&quot;classic&quot;}\">\n\t\t\t<div class=\"elementor-widget-wrap elementor-element-populated\">\n\t\t\t\t\t\t<div class=\"elementor-element elementor-element-78dd60ed elementor-widget elementor-widget-wp-widget-alloggio_core_contact_form_7\" data-id=\"78dd60ed\" data-element_type=\"widget\" data-widget_type=\"wp-widget-alloggio_core_contact_form_7.default\">\n\t\t\t\t<div class=\"elementor-widget-container\">\n\t\t\t\t\t\t\t\t<div class=\"qodef-contact-form-7\">\n\t\t\t\t\n<div class=\"wpcf7 no-js\" id=\"wpcf7-f6716-o1\" lang=\"en-US\" dir=\"ltr\" data-wpcf7-id=\"6716\">\n<div class=\"screen-reader-response\"><p role=\"status\" aria-live=\"polite\" aria-atomic=\"true\"><\/p> <ul><\/ul><\/div>\n<form action=\"\/it\/wp-json\/wp\/v2\/pages\/8332#wpcf7-f6716-o1\" method=\"post\" class=\"wpcf7-form init\" aria-label=\"Contact form\" novalidate=\"novalidate\" data-status=\"init\">\n<fieldset class=\"hidden-fields-container\"><input type=\"hidden\" name=\"_wpcf7\" value=\"6716\" \/><input type=\"hidden\" name=\"_wpcf7_version\" value=\"6.1.4\" \/><input type=\"hidden\" name=\"_wpcf7_locale\" value=\"en_US\" \/><input type=\"hidden\" name=\"_wpcf7_unit_tag\" value=\"wpcf7-f6716-o1\" \/><input type=\"hidden\" name=\"_wpcf7_container_post\" value=\"0\" \/><input type=\"hidden\" name=\"_wpcf7_posted_data_hash\" value=\"\" \/><input type=\"hidden\" name=\"_wpcf7_recaptcha_response\" value=\"\" \/>\n<\/fieldset>\n<div class=\"qodef-newsletter-form-style\">\n<h2 class=\"qodef-e-title\"><span class=\"icon-basic-mail-open-text qodef-e-icon\"><\/span>Iscrizione alla newsletter<\/h2><span class=\"wpcf7-form-control-wrap\" data-name=\"your-email\"><input size=\"40\" maxlength=\"400\" class=\"wpcf7-form-control wpcf7-email wpcf7-validates-as-required wpcf7-text wpcf7-validates-as-email\" aria-required=\"true\" aria-invalid=\"false\" placeholder=\"Indirizzo Email\" value=\"\" type=\"email\" name=\"your-email\" \/><\/span><button class=\"wpcf7-form-control wpcf7-submit qodef-button qodef-size--normal qodef-type--outlined qodef-m\" type=\"submit\"><span class=\"qodef-m-text\">Inviare<\/span><\/button>\n<\/div><div class=\"wpcf7-response-output\" aria-hidden=\"true\"><\/div>\n<\/form>\n<\/div>\n\t\t\t<\/div>\n\t\t\t\t\t\t\t<\/div>\n\t\t\t\t<\/div>\n\t\t\t\t\t<\/div>\n\t\t<\/div>\n\t\t\t\t\t<\/div>\n\t\t<\/section>\n\t\t\t\t<\/div>\n\t\t","protected":false},"excerpt":{"rendered":"<p>Escursioni nella &#8220;Valle verde&#8221; &#8211; Val Pusteria Per ognuno c&#8217;\u00e9 qualcosa &#8211; i nostri consigli preferiti Al rifugio lago di Pausa Dal parcheggio nella Winnebachtal presso Terento si segue il sentiero n\u00b0 23 o le indicazioni per la malga Astnerbergalm e poi per la Tiefrastenh\u00fctte. Dopo circa un&#039;ora si raggiunge l&#039;incantevole Astnerberg-Alm. Il sentiero continua [&hellip;]<\/p>\n","protected":false},"author":4,"featured_media":7616,"parent":0,"menu_order":0,"comment_status":"closed","ping_status":"closed","template":"page-full-width.php","meta":{"_acf_changed":false,"footnotes":""},"class_list":["post-8332","page","type-page","status-publish","has-post-thumbnail","hentry"],"acf":[],"_links":{"self":[{"href":"https:\/\/hotel-falken.com\/it\/wp-json\/wp\/v2\/pages\/8332","targetHints":{"allow":["GET"]}}],"collection":[{"href":"https:\/\/hotel-falken.com\/it\/wp-json\/wp\/v2\/pages"}],"about":[{"href":"https:\/\/hotel-falken.com\/it\/wp-json\/wp\/v2\/types\/page"}],"author":[{"embeddable":true,"href":"https:\/\/hotel-falken.com\/it\/wp-json\/wp\/v2\/users\/4"}],"replies":[{"embeddable":true,"href":"https:\/\/hotel-falken.com\/it\/wp-json\/wp\/v2\/comments?post=8332"}],"version-history":[{"count":10,"href":"https:\/\/hotel-falken.com\/it\/wp-json\/wp\/v2\/pages\/8332\/revisions"}],"predecessor-version":[{"id":8756,"href":"https:\/\/hotel-falken.com\/it\/wp-json\/wp\/v2\/pages\/8332\/revisions\/8756"}],"wp:featuredmedia":[{"embeddable":true,"href":"https:\/\/hotel-falken.com\/it\/wp-json\/wp\/v2\/media\/7616"}],"wp:attachment":[{"href":"https:\/\/hotel-falken.com\/it\/wp-json\/wp\/v2\/media?parent=8332"}],"curies":[{"name":"wp","href":"https:\/\/api.w.org\/{rel}","templated":true}]}}